{"id":5,"date":"2022-02-01T11:12:49","date_gmt":"2022-02-01T10:12:49","guid":{"rendered":"http:\/\/archives-sud-ouest.digital\/?page_id=5"},"modified":"2022-04-01T17:43:29","modified_gmt":"2022-04-01T15:43:29","slug":"un-thailandais-dans-les-vignes","status":"publish","type":"page","link":"http:\/\/archives-sud-ouest.digital\/","title":{"rendered":"Un Tha\u00eflandais dans les Vignes"},"content":{"rendered":"\n<figure class=\"wp-block-image size-full\"><img loading=\"lazy\" width=\"338\" height=\"225\" src=\"http:\/\/archives-sud-ouest.digital\/wp-content\/uploads\/2022\/02\/image.png\" alt=\"\" class=\"wp-image-7\" srcset=\"http:\/\/archives-sud-ouest.digital\/wp-content\/uploads\/2022\/02\/image.png 338w, http:\/\/archives-sud-ouest.digital\/wp-content\/uploads\/2022\/02\/image-300x200.png 300w\" sizes=\"(max-width: 338px) 100vw, 338px\" \/><\/figure>\n\n\n\n<p>Mardi 10 mai 1994<\/p>\n\n\n\n<h2 id=\"un-thailandais-dans-les-vignes\"><strong><em>Un Tha\u00eflandais dans les vignes<\/em><\/strong><\/h2>\n\n\n\n<p><strong><em>P<\/em><\/strong><em>athom Vongsuravatana n\u2019est pas un Tha\u00eflandais comme les autres. Outre qu\u2019il para\u00eet le plus francophile de tous ses compatriotes, il est aussi le premier, et le seul \u00e0 ce jour, citoyen de Bangkok \u00e0 poss\u00e9der un vignoble en France. C\u2019est \u00e0 Saint-Emilion qu\u2019il a jet\u00e9 son d\u00e9volu en achetant en 1992 le Ch\u00e2teau Saint-L\u00f4, avec 12 hectares de vignes autour d\u2019un vieux b\u00e2timent du XVIe si\u00e8cle. \u00ab&nbsp;C\u2019est l\u2019accomplissement d\u2019un r\u00eave&nbsp;\u00bb confie cet homme \u00e9tonnant, apr\u00e8s deux ans de travaux de r\u00e9novation, et un investissement total de 30 millions de francs.<\/em><\/p>\n\n\n\n<p><em>&nbsp;&nbsp; Pathom Vongsuravatana est arriv\u00e9 \u00e0 Bordeaux en 1964 pour suivre les cours de la fac de droit. Le pays lui a plu, l\u2019art de vivre \u00e0 la fran\u00e7aise aussi. Il d\u00e9cida de s\u2019y fixer pour toujours, se maria avec une Tourangelle, et cr\u00e9a une soci\u00e9t\u00e9 de n\u00e9goce en alcools. \u00ab&nbsp;Pendant trente ans, j\u2019ai vendu du cognac, beaucoup de cognac, aux Japonais&nbsp;\u00bb raconte-t-il. Ce n\u2019est pas tout. Il vend aussi de l\u2019armagnac, beaucoup d\u2019armagnac, au pays du Soleil-Levant, car il a cr\u00e9\u00e9 il y a vingt ans la marque Prince d\u2019Armagnac, qui repr\u00e9sente plus de 40% du march\u00e9, soit environ 14&nbsp;000 caisses par an.<\/em><\/p>\n\n\n\n<p><em>&nbsp;&nbsp; Fort de cette r\u00e9ussite, il se lan\u00e7a donc dans le vin, qui commence \u00e0 \u00eatre tr\u00e8s \u00e0 la mode en Tha\u00eflande. Le ch\u00e2teau-saint-l\u00f4 a d\u00e9j\u00e0 b\u00e9n\u00e9fici\u00e9 de sa pr\u00e9sence&nbsp;: le vin a \u00e9t\u00e9 servi en Guyane, lors du lancement \u00e0 Kourou d\u2019un satellite tha\u00eflandais en pr\u00e9sence de la princesse Siridhorn, h\u00e9riti\u00e8re de la couronne. Et le 18 septembre prochain, c\u2019est l\u2019ambassadeur de Tha\u00eflande en France, membre de la famille royale, qui pr\u00e9sidera le ban des vendanges de Saint-Emilion. Gr\u00e2ce au nouveau propri\u00e9taire de Saint-L\u00f4 \u00e9videmment.<\/em><\/p>\n\n\n\n<p><em>\u00a0\u00a0 Un propri\u00e9taire qui est en train de passer doucement la main \u00e0 un de <a href=\"http:\/\/archives-sud-ouest.digital\/?page_id=51\" title=\"ses fils\">ses fils<\/a>, <a href=\"http:\/\/archives-gironde-sud-ouest.com\/\" title=\"Rapha\u00ebl,\">Rapha\u00ebl,<\/a> pour g\u00e9rer le domaine. Il faut dire que ce fils est un autre ph\u00e9nom\u00e8ne. El\u00e8ve des j\u00e9suites de Tivoli \u00e0 Bordeaux, il y passa son bac avec 19\/20 en philo, et la mention tr\u00e8s bien\u00a0! Il partit ensuite faire kh\u00e2gne \u00e0 Paris, puis des \u00e9tudes de langues orientales, puis de l\u2019histoire, puis de la th\u00e9ologie. Il en r\u00e9sulta un bon bouquin, \u00ab<a href=\"http:\/\/franceempire-auteur-revuepresse.com\/index.php\/france-empire-revue-de-presse-2\/\" title=\"\u00a0Un j\u00e9suite \u00e0 la cour de Siam\u00a0\">\u00a0Un j\u00e9suite \u00e0 la cour de Siam\u00a0<\/a>\u00bb, signe qu\u2019\u00e0 24 ans, le jeune viticulteur est aussi \u00e9crivain.<\/em><\/p>\n\n\n\n<p><em>&nbsp;&nbsp; Jadis le ch\u00e2teau Saint-L\u00f4 \u00e9tait connu pour son parc, ses roses et son vin. Il est en passe de conqu\u00e9rir une nouvelle gloire gr\u00e2ce \u00e0 la personnalit\u00e9 de ses propri\u00e9taires. On reparlera s\u00fbrement de Saint-L\u00f4.<\/em><\/p>\n\n\n\n<p class=\"has-text-align-right\"><em>D.T.<\/em><\/p>\n","protected":false},"excerpt":{"rendered":"<p>Mardi 10 mai 1994 Un Tha\u00eflandais dans les vignes Pathom Vongsuravatana n\u2019est pas un Tha\u00eflandais comme les autres. Outre qu\u2019il para\u00eet le plus francophile de tous ses compatriotes, il est aussi le premier, et le seul \u00e0 ce jour, citoyen de Bangkok \u00e0 poss\u00e9der un vignoble en France. C\u2019est \u00e0 Saint-Emilion qu\u2019il a jet\u00e9 son [&hellip;]<\/p>\n","protected":false},"author":1,"featured_media":0,"parent":0,"menu_order":0,"comment_status":"closed","ping_status":"closed","template":"","meta":{"om_disable_all_campaigns":false,"_monsterinsights_skip_tracking":false,"_monsterinsights_sitenote_active":false,"_monsterinsights_sitenote_note":"","_monsterinsights_sitenote_category":0},"_links":{"self":[{"href":"http:\/\/archives-sud-ouest.digital\/index.php?rest_route=\/wp\/v2\/pages\/5"}],"collection":[{"href":"http:\/\/archives-sud-ouest.digital\/index.php?rest_route=\/wp\/v2\/pages"}],"about":[{"href":"http:\/\/archives-sud-ouest.digital\/index.php?rest_route=\/wp\/v2\/types\/page"}],"author":[{"embeddable":true,"href":"http:\/\/archives-sud-ouest.digital\/index.php?rest_route=\/wp\/v2\/users\/1"}],"replies":[{"embeddable":true,"href":"http:\/\/archives-sud-ouest.digital\/index.php?rest_route=%2Fwp%2Fv2%2Fcomments&post=5"}],"version-history":[{"count":4,"href":"http:\/\/archives-sud-ouest.digital\/index.php?rest_route=\/wp\/v2\/pages\/5\/revisions"}],"predecessor-version":[{"id":56,"href":"http:\/\/archives-sud-ouest.digital\/index.php?rest_route=\/wp\/v2\/pages\/5\/revisions\/56"}],"wp:attachment":[{"href":"http:\/\/archives-sud-ouest.digital\/index.php?rest_route=%2Fwp%2Fv2%2Fmedia&parent=5"}],"curies":[{"name":"wp","href":"https:\/\/api.w.org\/{rel}","templated":true}]}}